{"id":369,"date":"2026-08-17T12:28:12","date_gmt":"2026-08-17T10:28:12","guid":{"rendered":"https:\/\/vlerinastudio.com\/?page_id=369"},"modified":"2026-08-17T12:28:12","modified_gmt":"2026-08-17T10:28:12","slug":"privacy-policy","status":"publish","type":"page","link":"https:\/\/vlerinastudio.com\/sq\/privacy-policy\/","title":{"rendered":"Politikat e Privacis\u00eb"},"content":{"rendered":"<p><strong>P\u00cbRDIT\u00cbSUAR S\u00cb FUNDI: 17\/08\/2026<\/strong><\/p>\n<h3><strong>T\u00cb DH\u00cbNAT TUAJA PERSONALE DHE M\u00cbNYRA SI I P\u00cbRDORIM<\/strong><\/h3>\n<p>Ne mbledhim, p\u00ebrdorim dhe ruajm\u00eb t\u00eb dh\u00ebnat tuaja personale p\u00ebr t\u00eb garantuar ofrimin e sh\u00ebrbimeve t\u00eb ndryshme dhe p\u00ebr t'ju ofruar nj\u00eb p\u00ebrvoj\u00eb t\u00eb personalizuar blerjeje n\u00eb vlerinastudio.com. Kjo mund t\u00eb ndodh\u00eb n\u00eb faqen ton\u00eb t\u00eb internetit ose p\u00ebrmes m\u00ebnyrave t\u00eb tjera, si k\u00ebrkesat drejtuar sh\u00ebrbimit ndaj klientit. Ne do t'i mbajm\u00eb t\u00eb dh\u00ebnat tuaja personale konfidenciale n\u00eb \u00e7do koh\u00eb dhe do t'i mbledhim, p\u00ebrdorim dhe ruajm\u00eb ato vet\u00ebm n\u00eb p\u00ebrputhje me k\u00ebt\u00eb Politik\u00eb t\u00eb Privat\u00ebsis\u00eb.<\/p>\n<h3><strong>MBLEDHJA E T\u00cb DH\u00cbNAVE TUAJA PERSONALE<\/strong><\/h3>\n<p><strong>Ne mbledhim nivele t\u00eb ndryshme t\u00eb t\u00eb dh\u00ebnave tuaja personale n\u00eb faqen ton\u00eb:<\/strong><\/p>\n<p>\u2013 N\u00ebse nuk jeni p\u00ebrdorues i regjistruar, do t\u00eb navigoni n\u00eb faqen ton\u00eb si vizitor. Ne nuk do t\u00eb mbledhim ose p\u00ebrdorim t\u00eb dh\u00ebna personale nga ju, por mund t\u00eb mos jeni n\u00eb gjendje t\u00eb p\u00ebrdorni t\u00eb gjitha sh\u00ebrbimet dhe funksionalitetet q\u00eb ofrojm\u00eb p\u00ebr p\u00ebrdoruesit e regjistruar, si gjurmimi i porosive, ruajtja e masave dhe artikujt e list\u00ebs s\u00eb d\u00ebshirave.<br \/>\n\u2013 Gjat\u00eb regjistrimit n\u00eb faqen ton\u00eb, do t'ju duhet t\u00eb vendosni disa t\u00eb dh\u00ebna personale (si emrin, adres\u00ebn e emailit, adres\u00ebn e d\u00ebrges\u00ebs dhe t\u00eb dh\u00ebnat e kontaktit), n\u00eb m\u00ebnyr\u00eb q\u00eb t\u00eb p\u00ebrfitoni nga funksionalitetet dhe sh\u00ebrbimet e ndryshme q\u00eb ofrojm\u00eb p\u00ebr p\u00ebrdoruesit tan\u00eb t\u00eb regjistruar \u2014 duke p\u00ebrfshir\u00eb p\u00ebrdit\u00ebsimet mbi porosit\u00eb, p\u00ebrgjigjet ndaj k\u00ebrkesave tuaja dhe aksesin e hersh\u00ebm n\u00eb koleksionet me edicion t\u00eb kufizuar.<br \/>\n\u2013 T\u00eb dh\u00ebnat e mbledhura gjat\u00eb procesit t\u00eb blerjes (si t\u00eb dh\u00ebnat e faturimit dhe t\u00eb d\u00ebrges\u00ebs) p\u00ebrdoren vet\u00ebm p\u00ebr t\u00eb p\u00ebrpunuar dhe p\u00ebrmbushur porosin\u00eb tuaj.<br \/>\n\u2013 N\u00ebse d\u00ebshironi t\u00eb verifikoni ose p\u00ebrdit\u00ebsoni t\u00eb dh\u00ebnat personale q\u00eb disponojm\u00eb p\u00ebr ju, mund ta b\u00ebni k\u00ebt\u00eb duke kontaktuar ekipin ton\u00eb t\u00eb Sh\u00ebrbimit ndaj Klientit ose duke ndryshuar profilin tuaj n\u00eb llogarin\u00eb tuaj t\u00eb regjistruar.<\/p>\n<h3><strong>P\u00cbRDORIMI I T\u00cb DH\u00cbNAVE TUAJA PERSONALE<\/strong><\/h3>\n<p><strong>Ne p\u00ebrdorim t\u00eb dh\u00ebnat personale q\u00eb na ofroni p\u00ebr q\u00ebllimet e m\u00ebposhtme:<\/strong><\/p>\n<p>\u2013 P\u00ebr t'ju ofruar sh\u00ebrbimet tona. Kjo p\u00ebrfshin p\u00ebrgjigjen ndaj k\u00ebrkesave tuaja, ofrimin e rekomandimeve p\u00ebr produktet n\u00eb faqen ton\u00eb, mir\u00ebmbajtjen e shport\u00ebs suaj t\u00eb blerjeve, p\u00ebrpunimin dhe p\u00ebrmbushjen e porosive (duke p\u00ebrfshir\u00eb kontrollet e siguris\u00eb dhe verifikimin e pagesave), si dhe menaxhimin e kthimeve ose shk\u00ebmbimeve.<br \/>\n\u2013 P\u00ebr t'ju d\u00ebrguar komunikime marketingu, pasi her\u00eb pas here mund t'ju informojm\u00eb p\u00ebr koleksionet tona t\u00eb fundit, lan\u00e7imet e produkteve dhe promocionet p\u00ebrmes emailit. Ju mund t\u00eb \u00e7regjistroheni nga komunikimet marketingu n\u00eb \u00e7do koh\u00eb duke p\u00ebrdorur lidhjen e ofruar n\u00eb email-et tona ose duke na kontaktuar drejtp\u00ebrdrejt.<br \/>\n\u2013 P\u00ebr t\u00eb p\u00ebrmir\u00ebsuar faqen dhe sh\u00ebrbimet tona, duke p\u00ebrfshir\u00eb analizimin e sjelljes s\u00eb p\u00ebrdoruesve gjat\u00eb navigimit, me q\u00ebllim p\u00ebrmir\u00ebsimin e rekomandimeve t\u00eb produkteve dhe p\u00ebrvoj\u00ebs s\u00eb p\u00ebrgjithshme t\u00eb p\u00ebrdoruesit.<\/p>\n<h3><strong>ZBULIMI I T\u00cb DH\u00cbNAVE TUAJA<\/strong><\/h3>\n<p><strong>T\u00eb dh\u00ebnat tuaja personale do t\u00eb mbahen konfidenciale nga ana jon\u00eb, me p\u00ebrjashtim t\u00eb rasteve kur ato duhet t'u zbulohen pal\u00ebve t\u00eb m\u00ebposhtme, kur kjo \u00ebsht\u00eb e nevojshme:<\/strong><\/p>\n<p>\u2013 P\u00ebrpunuesve t\u00eb pagesave, institucioneve financiare ose kompanive q\u00eb l\u00ebshojn\u00eb karta krediti, kur kjo \u00ebsht\u00eb e nevojshme p\u00ebr t\u00eb realizuar dhe mb\u00ebshtetur pagesat e kryera nga ju.<br \/>\n\u2013 Ofruesve t\u00eb sh\u00ebrbimeve t\u00eb transportit dhe logjistik\u00ebs, kur kjo \u00ebsht\u00eb e nevojshme p\u00ebr t\u00eb dor\u00ebzuar porosin\u00eb tuaj.<br \/>\n\u2013 \u00c7do pale tjet\u00ebr, kur nj\u00eb zbulim i till\u00eb k\u00ebrkohet nga detyrimet ligjore ose kontraktuale apo nga ligji n\u00eb fuqi.<\/p>\n<p>Kjo Politik\u00eb e Privat\u00ebsis\u00eb nuk zbatohet p\u00ebr faqet e internetit t\u00eb mir\u00ebmbajtura nga pal\u00eb t\u00eb treta. Ju lutemi lexoni politikat e privat\u00ebsis\u00eb s\u00eb k\u00ebtyre pal\u00ebve t\u00eb treta p\u00ebrpara se t'u jepni t\u00eb dh\u00ebnat tuaja personale (qoft\u00eb p\u00ebrmes faqes son\u00eb apo n\u00eb m\u00ebnyra t\u00eb tjera). Ne nuk jemi p\u00ebrgjegj\u00ebs ose p\u00ebrgjegj\u00ebs ligj\u00ebrisht p\u00ebr m\u00ebnyr\u00ebn se si k\u00ebto pal\u00eb t\u00eb treta p\u00ebrdorin t\u00eb dh\u00ebnat tuaja personale apo p\u00ebr \u00e7do shkelje t\u00eb t\u00eb dh\u00ebnave tuaja nga ana e tyre.<\/p>\n<h3><strong>T\u00cb DREJTAT TUAJA<\/strong><\/h3>\n<p>N\u00ebse ndodheni n\u00eb Bashkimin Evropian ose n\u00eb Zon\u00ebn Ekonomike Evropiane, ju keni disa t\u00eb drejta n\u00eb lidhje me t\u00eb dh\u00ebnat tuaja personale sipas Rregullores s\u00eb P\u00ebrgjithshme p\u00ebr Mbrojtjen e t\u00eb Dh\u00ebnave (GDPR), duke p\u00ebrfshir\u00eb t\u00eb drejt\u00ebn p\u00ebr t\u00eb aksesuar, korrigjuar, fshir\u00eb ose kufizuar p\u00ebrpunimin e t\u00eb dh\u00ebnave tuaja, si dhe t\u00eb drejt\u00ebn p\u00ebr transferueshm\u00ebrin\u00eb e t\u00eb dh\u00ebnave. P\u00ebr t\u00eb ushtruar ndonj\u00eb prej k\u00ebtyre t\u00eb drejtave, ju lutemi na kontaktoni p\u00ebrmes t\u00eb dh\u00ebnave t\u00eb kontaktit t\u00eb paraqitura m\u00eb posht\u00eb.<\/p>\n<h3><strong>RUAJTJA E T\u00cb DH\u00cbNAVE<\/strong><\/h3>\n<p>Ne i ruajm\u00eb t\u00eb dh\u00ebnat tuaja personale vet\u00ebm p\u00ebr aq koh\u00eb sa \u00ebsht\u00eb e nevojshme p\u00ebr t\u00eb p\u00ebrmbushur q\u00ebllimet e p\u00ebrshkruara n\u00eb k\u00ebt\u00eb Politik\u00eb t\u00eb Privat\u00ebsis\u00eb ose p\u00ebr aq koh\u00eb sa k\u00ebrkohet nga ligji n\u00eb fuqi.<\/p>\n<h3><strong>NA KONTAKTONI<\/strong><\/h3>\n<p>N\u00ebse keni pyetje ose komente n\u00eb lidhje me Politik\u00ebn ton\u00eb t\u00eb Privat\u00ebsis\u00eb, mos hezitoni t\u00eb na kontaktoni n\u00eb <a href=\"mailto:info@vlerinastudio.com\">info@vlerinastudio.com<\/a>.<\/p>","protected":false},"excerpt":{"rendered":"<p>LAST UPDATED: 17\/08\/2026 YOUR PERSONAL DATA AND HOW WE USE IT We collect, use and store your personal data to ensure we can provide various services to you and offer you a personal shopping experience at vlerinastudio.com. This may occur on our Site or via other means, such as customer service enquiries. We will keep [&hellip;]<\/p>\n","protected":false},"author":1,"featured_media":0,"parent":0,"menu_order":0,"comment_status":"closed","ping_status":"closed","template":"policy-page.php","meta":{"footnotes":""},"class_list":["post-369","page","type-page","status-publish","hentry"],"yoast_head":"<!-- This site is optimized with the Yoast SEO plugin v28.3 - https:\/\/yoast.com\/product\/yoast-seo-wordpress\/ -->\n<title>Privacy Policy &#8212; Vlerina Studio<\/title>\n<meta name=\"robots\" content=\"index, follow, max-snippet:-1, max-image-preview:large, max-video-preview:-1\" \/>\n<link rel=\"canonical\" href=\"https:\/\/vlerinastudio.com\/sq\/privacy-policy\/\" \/>\n<meta property=\"og:locale\" content=\"sq_AL\" \/>\n<meta property=\"og:type\" content=\"article\" \/>\n<meta property=\"og:title\" content=\"Privacy Policy &#8212; Vlerina Studio\" \/>\n<meta property=\"og:description\" content=\"LAST UPDATED: 17\/08\/2026 YOUR PERSONAL DATA AND HOW WE USE IT We collect, use and store your personal data to ensure we can provide various services to you and offer you a personal shopping experience at vlerinastudio.com. This may occur on our Site or via other means, such as customer service enquiries. We will keep [&hellip;]\" \/>\n<meta property=\"og:url\" content=\"https:\/\/vlerinastudio.com\/sq\/privacy-policy\/\" \/>\n<meta property=\"og:site_name\" content=\"Vlerina Studio\" \/>\n<meta name=\"twitter:card\" content=\"summary_large_image\" \/>\n<meta name=\"twitter:label1\" content=\"Est. reading time\" \/>\n\t<meta name=\"twitter:data1\" content=\"3 minuta\" \/>\n<script type=\"application\/ld+json\" class=\"yoast-schema-graph\">{\"@context\":\"https:\\\/\\\/schema.org\",\"@graph\":[{\"@type\":\"WebPage\",\"@id\":\"https:\\\/\\\/vlerinastudio.com\\\/privacy-policy\\\/\",\"url\":\"https:\\\/\\\/vlerinastudio.com\\\/privacy-policy\\\/\",\"name\":\"Privacy Policy &#8212; Vlerina Studio\",\"isPartOf\":{\"@id\":\"https:\\\/\\\/vlerinastudio.com\\\/#website\"},\"datePublished\":\"2026-08-17T10:28:12+00:00\",\"breadcrumb\":{\"@id\":\"https:\\\/\\\/vlerinastudio.com\\\/privacy-policy\\\/#breadcrumb\"},\"inLanguage\":\"sq\",\"potentialAction\":[{\"@type\":\"ReadAction\",\"target\":[\"https:\\\/\\\/vlerinastudio.com\\\/privacy-policy\\\/\"]}]},{\"@type\":\"BreadcrumbList\",\"@id\":\"https:\\\/\\\/vlerinastudio.com\\\/privacy-policy\\\/#breadcrumb\",\"itemListElement\":[{\"@type\":\"ListItem\",\"position\":1,\"name\":\"Home\",\"item\":\"https:\\\/\\\/vlerinastudio.com\\\/\"},{\"@type\":\"ListItem\",\"position\":2,\"name\":\"Privacy Policy\"}]},{\"@type\":\"WebSite\",\"@id\":\"https:\\\/\\\/vlerinastudio.com\\\/#website\",\"url\":\"https:\\\/\\\/vlerinastudio.com\\\/\",\"name\":\"Vlerina Studio\",\"description\":\"\",\"publisher\":{\"@id\":\"https:\\\/\\\/vlerinastudio.com\\\/#organization\"},\"potentialAction\":[{\"@type\":\"SearchAction\",\"target\":{\"@type\":\"EntryPoint\",\"urlTemplate\":\"https:\\\/\\\/vlerinastudio.com\\\/?s={search_term_string}\"},\"query-input\":{\"@type\":\"PropertyValueSpecification\",\"valueRequired\":true,\"valueName\":\"search_term_string\"}}],\"inLanguage\":\"sq\"},{\"@type\":\"Organization\",\"@id\":\"https:\\\/\\\/vlerinastudio.com\\\/#organization\",\"name\":\"Vlerina Studio\",\"url\":\"https:\\\/\\\/vlerinastudio.com\\\/\",\"logo\":{\"@type\":\"ImageObject\",\"inLanguage\":\"sq\",\"@id\":\"https:\\\/\\\/vlerinastudio.com\\\/#\\\/schema\\\/logo\\\/image\\\/\",\"url\":\"https:\\\/\\\/vlerinastudio.com\\\/wp-content\\\/uploads\\\/2026\\\/06\\\/VJ.png\",\"contentUrl\":\"https:\\\/\\\/vlerinastudio.com\\\/wp-content\\\/uploads\\\/2026\\\/06\\\/VJ.png\",\"width\":538,\"height\":544,\"caption\":\"Vlerina Studio\"},\"image\":{\"@id\":\"https:\\\/\\\/vlerinastudio.com\\\/#\\\/schema\\\/logo\\\/image\\\/\"}}]}<\/script>\n<!-- \/ Yoast SEO plugin. -->","yoast_head_json":{"title":"Privacy Policy &#8212; Vlerina Studio","robots":{"index":"index","follow":"follow","max-snippet":"max-snippet:-1","max-image-preview":"max-image-preview:large","max-video-preview":"max-video-preview:-1"},"canonical":"https:\/\/vlerinastudio.com\/sq\/privacy-policy\/","og_locale":"sq_AL","og_type":"article","og_title":"Privacy Policy &#8212; Vlerina Studio","og_description":"LAST UPDATED: 17\/08\/2026 YOUR PERSONAL DATA AND HOW WE USE IT We collect, use and store your personal data to ensure we can provide various services to you and offer you a personal shopping experience at vlerinastudio.com. This may occur on our Site or via other means, such as customer service enquiries. We will keep [&hellip;]","og_url":"https:\/\/vlerinastudio.com\/sq\/privacy-policy\/","og_site_name":"Vlerina Studio","twitter_card":"summary_large_image","twitter_misc":{"Est. reading time":"3 minuta"},"schema":{"@context":"https:\/\/schema.org","@graph":[{"@type":"WebPage","@id":"https:\/\/vlerinastudio.com\/privacy-policy\/","url":"https:\/\/vlerinastudio.com\/privacy-policy\/","name":"Privacy Policy &#8212; Vlerina Studio","isPartOf":{"@id":"https:\/\/vlerinastudio.com\/#website"},"datePublished":"2026-08-17T10:28:12+00:00","breadcrumb":{"@id":"https:\/\/vlerinastudio.com\/privacy-policy\/#breadcrumb"},"inLanguage":"sq","potentialAction":[{"@type":"ReadAction","target":["https:\/\/vlerinastudio.com\/privacy-policy\/"]}]},{"@type":"BreadcrumbList","@id":"https:\/\/vlerinastudio.com\/privacy-policy\/#breadcrumb","itemListElement":[{"@type":"ListItem","position":1,"name":"Home","item":"https:\/\/vlerinastudio.com\/"},{"@type":"ListItem","position":2,"name":"Privacy Policy"}]},{"@type":"WebSite","@id":"https:\/\/vlerinastudio.com\/#website","url":"https:\/\/vlerinastudio.com\/","name":"Vlerina Studio","description":"","publisher":{"@id":"https:\/\/vlerinastudio.com\/#organization"},"potentialAction":[{"@type":"SearchAction","target":{"@type":"EntryPoint","urlTemplate":"https:\/\/vlerinastudio.com\/?s={search_term_string}"},"query-input":{"@type":"PropertyValueSpecification","valueRequired":true,"valueName":"search_term_string"}}],"inLanguage":"sq"},{"@type":"Organization","@id":"https:\/\/vlerinastudio.com\/#organization","name":"Vlerina Studio","url":"https:\/\/vlerinastudio.com\/","logo":{"@type":"ImageObject","inLanguage":"sq","@id":"https:\/\/vlerinastudio.com\/#\/schema\/logo\/image\/","url":"https:\/\/vlerinastudio.com\/wp-content\/uploads\/2026\/06\/VJ.png","contentUrl":"https:\/\/vlerinastudio.com\/wp-content\/uploads\/2026\/06\/VJ.png","width":538,"height":544,"caption":"Vlerina Studio"},"image":{"@id":"https:\/\/vlerinastudio.com\/#\/schema\/logo\/image\/"}}]}},"_links":{"self":[{"href":"https:\/\/vlerinastudio.com\/sq\/wp-json\/wp\/v2\/pages\/369","targetHints":{"allow":["GET"]}}],"collection":[{"href":"https:\/\/vlerinastudio.com\/sq\/wp-json\/wp\/v2\/pages"}],"about":[{"href":"https:\/\/vlerinastudio.com\/sq\/wp-json\/wp\/v2\/types\/page"}],"author":[{"embeddable":true,"href":"https:\/\/vlerinastudio.com\/sq\/wp-json\/wp\/v2\/users\/1"}],"replies":[{"embeddable":true,"href":"https:\/\/vlerinastudio.com\/sq\/wp-json\/wp\/v2\/comments?post=369"}],"version-history":[{"count":1,"href":"https:\/\/vlerinastudio.com\/sq\/wp-json\/wp\/v2\/pages\/369\/revisions"}],"predecessor-version":[{"id":370,"href":"https:\/\/vlerinastudio.com\/sq\/wp-json\/wp\/v2\/pages\/369\/revisions\/370"}],"wp:attachment":[{"href":"https:\/\/vlerinastudio.com\/sq\/wp-json\/wp\/v2\/media?parent=369"}],"curies":[{"name":"wp","href":"https:\/\/api.w.org\/{rel}","templated":true}]}}